{"id":33455,"date":"2025-05-08T13:39:05","date_gmt":"2025-05-08T11:39:05","guid":{"rendered":"https:\/\/homewell.ch\/immobilier\/propriete\/une-maison-dexception-au-coeur-de-romanel-sur-lausanne-modernite-espace-et-quietude-reunis\/"},"modified":"2026-02-09T13:02:22","modified_gmt":"2026-02-09T12:02:22","slug":"une-maison-dexception-au-coeur-de-romanel-sur-lausanne-modernite-espace-et-quietude-reunis","status":"publish","type":"property","link":"https:\/\/homewell.ch\/immobilier\/bien\/une-maison-dexception-au-coeur-de-romanel-sur-lausanne-modernite-espace-et-quietude-reunis\/","title":{"rendered":"Une maison d\u2019exception au c\u0153ur de Romanel-sur-Lausanne \u2014 modernit\u00e9, espace et qui\u00e9tude r\u00e9unis"},"content":{"rendered":"<p>Homewell vous pr\u00e9sente cette magnifique et spacieuse maison mitoyenne de 210 m\u00b2 habitables, Id\u00e9alement situ\u00e9e au centre du charmant village de Romanel-sur-Lausanne, faisant partie d\u2019une petite PPE exclusive de seulement deux habitations, garantissant tranquillit\u00e9 et intimit\u00e9.<\/p>\n<p>Dot\u00e9e d\u2019une architecture moderne et de volumes g\u00e9n\u00e9reux, cette propri\u00e9t\u00e9 baign\u00e9e de lumi\u00e8re offre un cadre de vie rare et privil\u00e9gi\u00e9. Elle s\u00e9duira les familles en qu\u00eate de confort, de calme, et d\u2019une belle ouverture sur l\u2019ext\u00e9rieur.<\/p>\n<p>Un des grands atouts de ce bien r\u00e9side dans la libert\u00e9 offerte aux futurs propri\u00e9taires de personnaliser la cuisine ainsi que les finitions int\u00e9rieures, pour un int\u00e9rieur \u00e0 leur image.<\/p>\n<p>Elle b\u00e9n\u00e9ficie \u00e9galement d\u2019une situation id\u00e9ale \u00e0 proximit\u00e9 imm\u00e9diate des commodit\u00e9s, des \u00e9coles et des transports publics.<\/p>\n<p>Elle se compose comme suit :<\/p>\n<p>Rez-de-chauss\u00e9e<\/p>\n<p>Hall d\u2019entr\u00e9e accueillant<\/p>\n<p>Grand bureau ind\u00e9pendant avec acc\u00e8s direct \u00e0 la terrasse<\/p>\n<p>WC visiteurs<\/p>\n<p>Espace de rangement pratique<\/p>\n<p>1er niveau<\/p>\n<p>Spacieuse cuisine ouverte \u00e0 am\u00e9nager selon vos envies<\/p>\n<p>Grand s\u00e9jour lumineux avec balcon et acc\u00e8s \u00e0 la terrasse<\/p>\n<p>Jolie chambre \u00e0 coucher<\/p>\n<p>Salle de douche moderne<\/p>\n<p>Combles<\/p>\n<p>Suite parentale avec salle de douche privative<\/p>\n<p>Deux chambres suppl\u00e9mentaires<\/p>\n<p>Salle de bains avec baignoire<\/p>\n<p>Ext\u00e9rieurs<\/p>\n<p>Belle terrasse dall\u00e9e parfaite pour vos moments de d\u00e9tente<\/p>\n<p>Jardin arbor\u00e9 privatif<\/p>\n<p>Une place de parc ext\u00e9rieure<\/p>\n<p>Un grand garage<\/p>\n<p>Un bien rare et atypique sur le march\u00e9, alliant emplacement privil\u00e9gi\u00e9, modularit\u00e9 des espaces et prestations de qualit\u00e9.<\/p>\n","protected":false},"excerpt":{"rendered":"<p>Homewell vous pr\u00e9sente cette magnifique et spacieuse maison mitoyenne de 210 m\u00b2 habitables, Id\u00e9alement situ\u00e9e au centre du charmant village de Romanel-sur-Lausanne, faisant partie d\u2019une petite PPE exclusive de seulement deux habitations, garantissant tranquillit\u00e9 et intimit\u00e9. Dot\u00e9e d\u2019une architecture moderne et de volumes g\u00e9n\u00e9reux, cette propri\u00e9t\u00e9 baign\u00e9e de lumi\u00e8re offre un cadre de vie rare [&hellip;]<\/p>\n","protected":false},"author":4,"featured_media":33446,"parent":0,"menu_order":0,"template":"","property_type":[112],"property_status":[44],"property_feature":[152,73,129,84,80,117],"property_label":[],"property_country":[81],"property_state":[34],"property_city":[247],"property_area":[234],"class_list":["post-33455","property","type-property","status-publish","has-post-thumbnail","hentry","property_type-maison","property_status-a-vendre","property_feature-cave","property_feature-fibre-optique","property_feature-jardin","property_feature-panneaux-solaire","property_feature-pompe-a-chaleur","property_feature-vitrage-triple","property_country-suisse","property_state-vaud","property_city-romanel-sur-lausanne","property_area-vaud"],"property_meta":{"fave_property_price":["1595000"],"fave_show_price_placeholder":["0"],"fave_currency_info":[""],"fave_property_size":["210"],"fave_property_size_prefix":["m2"],"fave_property_land":["274"],"fave_property_land_postfix":["m2"],"fave_property_bedrooms":["4"],"fave_property_bathrooms":["4"],"fave_property_garage":["2"],"fave_property_year":["1927"],"fave_property_zip":["1032"],"additional_features":["a:6:{i:0;a:2:{s:29:\"fave_additional_feature_title\";s:7:\"Ecoles \";s:29:\"fave_additional_feature_value\";s:12:\"A proximit\u00e9\";}i:1;a:2:{s:29:\"fave_additional_feature_title\";s:10:\"Transports\";s:29:\"fave_additional_feature_value\";s:12:\"A proximit\u00e9\";}i:2;a:2:{s:29:\"fave_additional_feature_title\";s:10:\"Commerces \";s:29:\"fave_additional_feature_value\";s:12:\"A proximit\u00e9\";}i:3;a:2:{s:29:\"fave_additional_feature_title\";s:13:\"Environnement\";s:29:\"fave_additional_feature_value\";s:5:\"Calme\";}i:4;a:2:{s:29:\"fave_additional_feature_title\";s:12:\"Commodit\u00e9s \";s:29:\"fave_additional_feature_value\";s:12:\"A proximit\u00e9\";}i:5;a:2:{s:29:\"fave_additional_feature_title\";s:17:\"Taux d'imposition\";s:29:\"fave_additional_feature_value\";s:5:\"0.705\";}}"],"fave_additional_features_enable":["enable"],"floor_plans":["a:3:{i:0;a:3:{s:15:\"fave_plan_title\";s:11:\"Plan du Rez\";s:15:\"fave_plan_image\";s:94:\"https:\/\/homewell.ch\/immobilier\/wp-content\/uploads\/2025\/05\/Maisons-B-rez-de-chaussee-scaled.png\";s:21:\"fave_plan_description\";s:131:\"Les futurs acqu\u00e9reurs auront la possibilit\u00e9 de personnaliser la cuisine et certaines finitions, pour un int\u00e9rieur \u00e0 leur image.\";}i:1;a:3:{s:15:\"fave_plan_title\";s:18:\"Plan du 1er \u00e9tage\";s:15:\"fave_plan_image\";s:84:\"https:\/\/homewell.ch\/immobilier\/wp-content\/uploads\/2025\/05\/Maisons-B-etage-scaled.png\";s:21:\"fave_plan_description\";s:131:\"Les futurs acqu\u00e9reurs auront la possibilit\u00e9 de personnaliser la cuisine et certaines finitions, pour un int\u00e9rieur \u00e0 leur image.\";}i:2;a:3:{s:15:\"fave_plan_title\";s:16:\"Plan des Combles\";s:15:\"fave_plan_image\";s:86:\"https:\/\/homewell.ch\/immobilier\/wp-content\/uploads\/2025\/05\/Maisons-B-combles-scaled.png\";s:21:\"fave_plan_description\";s:131:\"Les futurs acqu\u00e9reurs auront la possibilit\u00e9 de personnaliser la cuisine et certaines finitions, pour un int\u00e9rieur \u00e0 leur image.\";}}"],"fave_featured":["0"],"houzez_featured_listing_date":[""],"fave_loggedintoview":["0"],"fave_mortgage_cal":["0"],"fave_payment_status":["not_paid"],"fave_agent_display_option":["author_info"],"fave_property_map_address":["Romanel-sur-Lausanne, Suisse"],"fave_property_address":["Romanel-sur-Lausanne, Suisse"],"houzez_geolocation_lat":["46.5630648"],"houzez_geolocation_long":["6.603945"],"fave_property_location":["46.5630648,6.603945,14"],"fave_property_map":["1"],"fave_property_map_street_view":["hide"],"houzez_total_property_views":["1480"],"houzez_views_by_date":["a:61:{s:10:\"03-03-2026\";i:2;s:10:\"03-04-2026\";i:4;s:10:\"03-05-2026\";i:4;s:10:\"03-06-2026\";i:4;s:10:\"03-07-2026\";i:4;s:10:\"03-08-2026\";i:2;s:10:\"03-09-2026\";i:5;s:10:\"03-10-2026\";i:4;s:10:\"03-11-2026\";i:4;s:10:\"03-12-2026\";i:4;s:10:\"03-13-2026\";i:4;s:10:\"03-14-2026\";i:4;s:10:\"03-15-2026\";i:4;s:10:\"03-16-2026\";i:4;s:10:\"03-17-2026\";i:6;s:10:\"03-18-2026\";i:6;s:10:\"03-19-2026\";i:4;s:10:\"03-20-2026\";i:4;s:10:\"03-21-2026\";i:4;s:10:\"03-22-2026\";i:4;s:10:\"03-23-2026\";i:4;s:10:\"03-24-2026\";i:4;s:10:\"03-25-2026\";i:4;s:10:\"03-26-2026\";i:4;s:10:\"03-27-2026\";i:4;s:10:\"03-28-2026\";i:4;s:10:\"03-29-2026\";i:4;s:10:\"03-30-2026\";i:4;s:10:\"03-31-2026\";i:4;s:10:\"04-01-2026\";i:4;s:10:\"04-02-2026\";i:4;s:10:\"04-03-2026\";i:4;s:10:\"04-04-2026\";i:1;s:10:\"04-05-2026\";i:4;s:10:\"04-06-2026\";i:4;s:10:\"04-07-2026\";i:4;s:10:\"04-08-2026\";i:4;s:10:\"04-09-2026\";i:4;s:10:\"04-10-2026\";i:4;s:10:\"04-11-2026\";i:4;s:10:\"04-12-2026\";i:2;s:10:\"04-13-2026\";i:4;s:10:\"04-14-2026\";i:4;s:10:\"04-15-2026\";i:6;s:10:\"04-16-2026\";i:4;s:10:\"04-17-2026\";i:4;s:10:\"04-18-2026\";i:5;s:10:\"04-19-2026\";i:3;s:10:\"04-20-2026\";i:5;s:10:\"04-21-2026\";i:4;s:10:\"04-22-2026\";i:5;s:10:\"04-23-2026\";i:5;s:10:\"04-24-2026\";i:4;s:10:\"04-25-2026\";i:4;s:10:\"04-26-2026\";i:4;s:10:\"04-27-2026\";i:4;s:10:\"04-28-2026\";i:4;s:10:\"04-29-2026\";i:4;s:10:\"04-30-2026\";i:4;s:10:\"05-01-2026\";i:4;s:10:\"05-02-2026\";i:2;}"],"houzez_recently_viewed":["2026-05-02 07:01:07"],"_thumbnail_id":["33446"],"_edit_lock":["1770643481:1"],"_edit_last":["1"],"fave_property_images":["33446","33447","33449","33443","33444","33442","33440","33441","33438","33439"],"fave_single_top_area":["global"],"fave_single_content_area":["global"],"_aioseo_title":[null],"_aioseo_description":[null],"_aioseo_keywords":["a:0:{}"],"_aioseo_og_title":[""],"_aioseo_og_description":[""],"_aioseo_og_article_section":[""],"_aioseo_og_article_tags":["a:0:{}"],"_aioseo_twitter_title":[""],"_aioseo_twitter_description":[""],"_monsterinsights_sitenote_active":["0"],"houzez_manual_expire":["0"],"_houzez_expiration_date_status":["saved"],"rank_math_title":[""],"rank_math_description":[""],"rank_math_canonical_url":[""],"rank_math_facebook_title":[""],"rank_math_facebook_description":[""],"rank_math_facebook_image":[""],"rank_math_twitter_title":[""],"rank_math_twitter_description":[""],"rank_math_twitter_image":[""],"rank_math_twitter_use_facebook":["off"],"rank_math_internal_links_processed":["1"],"_elementor_page_assets":["a:0:{}"]},"_links":{"self":[{"href":"https:\/\/homewell.ch\/immobilier\/wp-json\/wp\/v2\/properties\/33455","targetHints":{"allow":["GET"]}}],"collection":[{"href":"https:\/\/homewell.ch\/immobilier\/wp-json\/wp\/v2\/properties"}],"about":[{"href":"https:\/\/homewell.ch\/immobilier\/wp-json\/wp\/v2\/types\/property"}],"author":[{"embeddable":true,"href":"https:\/\/homewell.ch\/immobilier\/wp-json\/wp\/v2\/users\/4"}],"version-history":[{"count":0,"href":"https:\/\/homewell.ch\/immobilier\/wp-json\/wp\/v2\/properties\/33455\/revisions"}],"wp:featuredmedia":[{"embeddable":true,"href":"https:\/\/homewell.ch\/immobilier\/wp-json\/wp\/v2\/media\/33446"}],"wp:attachment":[{"href":"https:\/\/homewell.ch\/immobilier\/wp-json\/wp\/v2\/media?parent=33455"}],"wp:term":[{"taxonomy":"property_type","embeddable":true,"href":"https:\/\/homewell.ch\/immobilier\/wp-json\/wp\/v2\/property_type?post=33455"},{"taxonomy":"property_status","embeddable":true,"href":"https:\/\/homewell.ch\/immobilier\/wp-json\/wp\/v2\/property_status?post=33455"},{"taxonomy":"property_feature","embeddable":true,"href":"https:\/\/homewell.ch\/immobilier\/wp-json\/wp\/v2\/property_feature?post=33455"},{"taxonomy":"property_label","embeddable":true,"href":"https:\/\/homewell.ch\/immobilier\/wp-json\/wp\/v2\/property_label?post=33455"},{"taxonomy":"property_country","embeddable":true,"href":"https:\/\/homewell.ch\/immobilier\/wp-json\/wp\/v2\/property_country?post=33455"},{"taxonomy":"property_state","embeddable":true,"href":"https:\/\/homewell.ch\/immobilier\/wp-json\/wp\/v2\/property_state?post=33455"},{"taxonomy":"property_city","embeddable":true,"href":"https:\/\/homewell.ch\/immobilier\/wp-json\/wp\/v2\/property_city?post=33455"},{"taxonomy":"property_area","embeddable":true,"href":"https:\/\/homewell.ch\/immobilier\/wp-json\/wp\/v2\/property_area?post=33455"}],"curies":[{"name":"wp","href":"https:\/\/api.w.org\/{rel}","templated":true}]}}