{"id":33485,"date":"2025-05-09T16:29:05","date_gmt":"2025-05-09T14:29:05","guid":{"rendered":"https:\/\/homewell.ch\/immobilier\/?post_type=property&#038;p=33485"},"modified":"2026-02-09T13:01:12","modified_gmt":"2026-02-09T12:01:12","slug":"maison-rare-baignee-de-lumiere-avec-vue-plongeante-et-imprenable-sur-le-lac","status":"publish","type":"property","link":"https:\/\/homewell.ch\/immobilier\/bien\/maison-rare-baignee-de-lumiere-avec-vue-plongeante-et-imprenable-sur-le-lac\/","title":{"rendered":"Maison rare baign\u00e9e de lumi\u00e8re, avec vue plongeante et imprenable sur le lac"},"content":{"rendered":"<p>Nich\u00e9e sur les hauteurs pris\u00e9es de Bourg-en-Lavaux, cette villa familiale offre un cadre de vie rare, entre s\u00e9r\u00e9nit\u00e9, confort et panorama lacustre.<\/p>\n<p>B\u00e9n\u00e9ficiant d\u2019une vue d\u00e9gag\u00e9e sur le lac, elle s\u00e9duit par son emplacement privil\u00e9gi\u00e9, \u00e0 seulement 8 minutes \u00e0 pied de la gare de Grandvaux, tout en restant proche des acc\u00e8s autoroutiers, facilitant ainsi les d\u00e9placements au quotidien.<\/p>\n<p>Parfaitement int\u00e9gr\u00e9e dans un environnement paisible et verdoyant, cette propri\u00e9t\u00e9 conjugue qualit\u00e9 de vie, proximit\u00e9 des commodit\u00e9s et vue d\u2019exception, le tout dans l\u2019un des villages les plus charmants du Lavaux, class\u00e9 au patrimoine mondial de l\u2019UNESCO.<\/p>\n<p>REZ-DE-CHAUSS\u00c9E<br \/>\nEntr\u00e9e sur le hall de distribution.<br \/>\nWC visiteurs.<br \/>\nGrande buanderie \u00e9quip\u00e9e d\u2019un lave-linge (possibilit\u00e9 de cr\u00e9ation d\u2019une salle d\u2019eau suppl\u00e9mentaire).<br \/>\nS\u00e9jour-salle \u00e0 manger avec chemin\u00e9e. Acc\u00e8s sur l\u2019ext\u00e9rieur de la maison et sur le jardin l\u2019entourant.<br \/>\nCuisine \u00e9quip\u00e9e ouverte sur le s\u00e9jour et la salle \u00e0 manger.<\/p>\n<p>PREMIER \u00c9TAGE<br \/>\nDeux chambres \u00e0 coucher (d\u2019environ 15 m2 chacune) avec velux.<br \/>\nLa troisi\u00e8me chambre \u00e0 coucher (environ 21 m2) peut \u00eatre divis\u00e9e, permettant la cr\u00e9ation d\u2019une salle de bain.<br \/>\nGrande salle de bain avec une tr\u00e8s belle vue sur le lac.<\/p>\n<p>SOUS-SOL<br \/>\nGarage avec coin bricolage<br \/>\nCave-Abri PC<br \/>\nCave<br \/>\nLocal citernes-chaufferie<\/p>\n","protected":false},"excerpt":{"rendered":"<p>Nich\u00e9e sur les hauteurs pris\u00e9es de Bourg-en-Lavaux, cette villa familiale offre un cadre de vie rare, entre s\u00e9r\u00e9nit\u00e9, confort et panorama lacustre. B\u00e9n\u00e9ficiant d\u2019une vue d\u00e9gag\u00e9e sur le lac, elle s\u00e9duit par son emplacement privil\u00e9gi\u00e9, \u00e0 seulement 8 minutes \u00e0 pied de la gare de Grandvaux, tout en restant proche des acc\u00e8s autoroutiers, facilitant ainsi [&hellip;]<\/p>\n","protected":false},"author":4,"featured_media":33472,"parent":0,"menu_order":0,"template":"","property_type":[112],"property_status":[44],"property_feature":[152,73,129,116,24,29],"property_label":[],"property_country":[81],"property_state":[34],"property_city":[249],"property_area":[234],"class_list":["post-33485","property","type-property","status-publish","has-post-thumbnail","hentry","property_type-maison","property_status-a-vendre","property_feature-cave","property_feature-fibre-optique","property_feature-jardin","property_feature-vitrage-double","property_feature-vue-lac","property_feature-vue-montagnes","property_country-suisse","property_state-vaud","property_city-bourg-en-lavaux","property_area-vaud"],"property_meta":{"fave_property_price":["1750000"],"fave_currency_info":[""],"fave_property_size":["150"],"fave_property_size_prefix":["m2"],"fave_property_land":["1000"],"fave_property_land_postfix":["m2"],"fave_property_bedrooms":["3"],"fave_property_bathrooms":["2"],"fave_property_garage":["3"],"fave_property_year":["1990"],"fave_property_zip":["1091"],"additional_features":["a:6:{i:0;a:2:{s:29:\"fave_additional_feature_title\";s:6:\"Ecoles\";s:29:\"fave_additional_feature_value\";s:12:\"A proximit\u00e9\";}i:1;a:2:{s:29:\"fave_additional_feature_title\";s:10:\"Transports\";s:29:\"fave_additional_feature_value\";s:12:\"A proximit\u00e9\";}i:2;a:2:{s:29:\"fave_additional_feature_title\";s:11:\"Commodit\u00e9 \";s:29:\"fave_additional_feature_value\";s:12:\"A proximit\u00e9\";}i:3;a:2:{s:29:\"fave_additional_feature_title\";s:14:\"Environnement \";s:29:\"fave_additional_feature_value\";s:5:\"Calme\";}i:4;a:2:{s:29:\"fave_additional_feature_title\";s:14:\"Etat g\u00e9n\u00e9ral\";s:29:\"fave_additional_feature_value\";s:4:\"Bien\";}i:5;a:2:{s:29:\"fave_additional_feature_title\";s:17:\"Taux d'imposition\";s:29:\"fave_additional_feature_value\";s:5:\"0.625\";}}"],"fave_additional_features_enable":["enable"],"fave_featured":["0"],"houzez_featured_listing_date":[""],"fave_payment_status":["not_paid"],"fave_agent_display_option":["agent_info"],"fave_property_map_address":["Grandvaux, Bourg-en-Lavaux, Suisse"],"fave_property_address":["Grandvaux, Bourg-en-Lavaux, Suisse"],"houzez_geolocation_lat":["46.5030476"],"houzez_geolocation_long":["6.7215736"],"fave_property_location":["46.5030476,6.7215736,14"],"fave_property_map":["1"],"fave_property_map_street_view":["hide"],"houzez_total_property_views":["1482"],"houzez_views_by_date":["a:61:{s:10:\"03-02-2026\";i:8;s:10:\"03-03-2026\";i:2;s:10:\"03-04-2026\";i:4;s:10:\"03-05-2026\";i:4;s:10:\"03-06-2026\";i:4;s:10:\"03-07-2026\";i:4;s:10:\"03-08-2026\";i:2;s:10:\"03-09-2026\";i:6;s:10:\"03-10-2026\";i:4;s:10:\"03-11-2026\";i:4;s:10:\"03-12-2026\";i:4;s:10:\"03-13-2026\";i:4;s:10:\"03-14-2026\";i:4;s:10:\"03-15-2026\";i:4;s:10:\"03-16-2026\";i:4;s:10:\"03-17-2026\";i:6;s:10:\"03-18-2026\";i:6;s:10:\"03-19-2026\";i:4;s:10:\"03-20-2026\";i:4;s:10:\"03-21-2026\";i:4;s:10:\"03-22-2026\";i:4;s:10:\"03-23-2026\";i:4;s:10:\"03-24-2026\";i:4;s:10:\"03-25-2026\";i:4;s:10:\"03-26-2026\";i:4;s:10:\"03-27-2026\";i:4;s:10:\"03-28-2026\";i:4;s:10:\"03-29-2026\";i:4;s:10:\"03-30-2026\";i:4;s:10:\"03-31-2026\";i:5;s:10:\"04-01-2026\";i:3;s:10:\"04-02-2026\";i:2;s:10:\"04-03-2026\";i:6;s:10:\"04-04-2026\";i:2;s:10:\"04-05-2026\";i:4;s:10:\"04-06-2026\";i:4;s:10:\"04-07-2026\";i:4;s:10:\"04-08-2026\";i:4;s:10:\"04-09-2026\";i:4;s:10:\"04-10-2026\";i:4;s:10:\"04-11-2026\";i:4;s:10:\"04-12-2026\";i:4;s:10:\"04-13-2026\";i:4;s:10:\"04-14-2026\";i:4;s:10:\"04-15-2026\";i:4;s:10:\"04-16-2026\";i:4;s:10:\"04-17-2026\";i:4;s:10:\"04-18-2026\";i:4;s:10:\"04-19-2026\";i:5;s:10:\"04-20-2026\";i:4;s:10:\"04-21-2026\";i:4;s:10:\"04-22-2026\";i:5;s:10:\"04-23-2026\";i:4;s:10:\"04-24-2026\";i:4;s:10:\"04-25-2026\";i:4;s:10:\"04-26-2026\";i:6;s:10:\"04-27-2026\";i:4;s:10:\"04-28-2026\";i:4;s:10:\"04-29-2026\";i:4;s:10:\"04-30-2026\";i:4;s:10:\"05-01-2026\";i:2;}"],"houzez_recently_viewed":["2026-05-01 08:06:17"],"fave_show_price_placeholder":["0"],"floor_plans":["a:3:{i:0;a:3:{s:15:\"fave_plan_title\";s:16:\"Plan du sous-sol\";s:15:\"fave_plan_image\";s:76:\"https:\/\/homewell.ch\/immobilier\/wp-content\/uploads\/2025\/05\/Plans-sous-sol.png\";s:21:\"fave_plan_description\";s:16:\"Plan du sous-sol\";}i:1;a:3:{s:15:\"fave_plan_title\";s:11:\"Plan du Rez\";s:15:\"fave_plan_image\";s:70:\"https:\/\/homewell.ch\/immobilier\/wp-content\/uploads\/2025\/05\/Plan-Rez.png\";s:21:\"fave_plan_description\";s:11:\"Plan du Rez\";}i:2;a:3:{s:15:\"fave_plan_title\";s:18:\"Plan du 1er \u00e9tage\";s:15:\"fave_plan_image\";s:72:\"https:\/\/homewell.ch\/immobilier\/wp-content\/uploads\/2025\/05\/Plan-1er-2.png\";s:21:\"fave_plan_description\";s:18:\"Plan du 1er \u00e9tage\";}}"],"fave_loggedintoview":["0"],"_thumbnail_id":["33472"],"_edit_lock":["1770643414:1"],"_edit_last":["1"],"fave_single_top_area":["global"],"fave_single_content_area":["global"],"_aioseo_title":[null],"_aioseo_description":[null],"_aioseo_keywords":["a:0:{}"],"_aioseo_og_title":[""],"_aioseo_og_description":[""],"_aioseo_og_article_section":[""],"_aioseo_og_article_tags":["a:0:{}"],"_aioseo_twitter_title":[""],"_aioseo_twitter_description":[""],"_monsterinsights_sitenote_active":["0"],"houzez_manual_expire":["0"],"_houzez_expiration_date_status":["saved"],"fave_property_images":["33472","33473","33474","33475","33477","33476","33483"],"fave_agents":["156"],"rank_math_title":[""],"rank_math_description":[""],"rank_math_canonical_url":[""],"rank_math_facebook_title":[""],"rank_math_facebook_description":[""],"rank_math_facebook_image":[""],"rank_math_twitter_title":[""],"rank_math_twitter_description":[""],"rank_math_twitter_image":[""],"rank_math_twitter_use_facebook":["off"],"rank_math_internal_links_processed":["1"],"_elementor_page_assets":["a:0:{}"]},"_links":{"self":[{"href":"https:\/\/homewell.ch\/immobilier\/wp-json\/wp\/v2\/properties\/33485","targetHints":{"allow":["GET"]}}],"collection":[{"href":"https:\/\/homewell.ch\/immobilier\/wp-json\/wp\/v2\/properties"}],"about":[{"href":"https:\/\/homewell.ch\/immobilier\/wp-json\/wp\/v2\/types\/property"}],"author":[{"embeddable":true,"href":"https:\/\/homewell.ch\/immobilier\/wp-json\/wp\/v2\/users\/4"}],"version-history":[{"count":0,"href":"https:\/\/homewell.ch\/immobilier\/wp-json\/wp\/v2\/properties\/33485\/revisions"}],"wp:featuredmedia":[{"embeddable":true,"href":"https:\/\/homewell.ch\/immobilier\/wp-json\/wp\/v2\/media\/33472"}],"wp:attachment":[{"href":"https:\/\/homewell.ch\/immobilier\/wp-json\/wp\/v2\/media?parent=33485"}],"wp:term":[{"taxonomy":"property_type","embeddable":true,"href":"https:\/\/homewell.ch\/immobilier\/wp-json\/wp\/v2\/property_type?post=33485"},{"taxonomy":"property_status","embeddable":true,"href":"https:\/\/homewell.ch\/immobilier\/wp-json\/wp\/v2\/property_status?post=33485"},{"taxonomy":"property_feature","embeddable":true,"href":"https:\/\/homewell.ch\/immobilier\/wp-json\/wp\/v2\/property_feature?post=33485"},{"taxonomy":"property_label","embeddable":true,"href":"https:\/\/homewell.ch\/immobilier\/wp-json\/wp\/v2\/property_label?post=33485"},{"taxonomy":"property_country","embeddable":true,"href":"https:\/\/homewell.ch\/immobilier\/wp-json\/wp\/v2\/property_country?post=33485"},{"taxonomy":"property_state","embeddable":true,"href":"https:\/\/homewell.ch\/immobilier\/wp-json\/wp\/v2\/property_state?post=33485"},{"taxonomy":"property_city","embeddable":true,"href":"https:\/\/homewell.ch\/immobilier\/wp-json\/wp\/v2\/property_city?post=33485"},{"taxonomy":"property_area","embeddable":true,"href":"https:\/\/homewell.ch\/immobilier\/wp-json\/wp\/v2\/property_area?post=33485"}],"curies":[{"name":"wp","href":"https:\/\/api.w.org\/{rel}","templated":true}]}}