{"id":33580,"date":"2025-05-21T09:58:55","date_gmt":"2025-05-21T07:58:55","guid":{"rendered":"https:\/\/homewell.ch\/immobilier\/?post_type=property&#038;p=33580"},"modified":"2025-05-26T15:59:23","modified_gmt":"2025-05-26T13:59:23","slug":"un-cadre-de-vie-exceptionnel-entre-luminosite-calme-et-liberte-3","status":"publish","type":"property","link":"https:\/\/homewell.ch\/immobilier\/bien\/un-cadre-de-vie-exceptionnel-entre-luminosite-calme-et-liberte-3\/","title":{"rendered":"Un cadre de vie exceptionnel entre luminosit\u00e9, calme et libert\u00e9"},"content":{"rendered":"<p>Cette jolie promotion en pleine campagne propose 25 appartements PPE.<\/p>\n<p>Situ\u00e9 au 1er \u00e9tage, cet appartement d\u2019exception de 3.5 pi\u00e8ces, incarne l\u2019\u00e9l\u00e9gance et le raffinement.<\/p>\n<p>B\u00e9n\u00e9ficiant d&#8217;un d\u00e9gagement, il offre des prestations haut de gamme et un cadre de vie incomparable. Sa baie vitr\u00e9e et son volume g\u00e9n\u00e9reux cr\u00e9ent une atmosph\u00e8re lumineuse et a\u00e9rienne, id\u00e9ale pour ceux en qu\u00eate de confort moderne et de libert\u00e9.<\/p>\n<p>L\u2019acqu\u00e9reur pourra personnaliser les mat\u00e9riaux selon ses envies, ajoutant ainsi une touche unique \u00e0 cet espace d&#8217;exception.<\/p>\n<p>Livraison pr\u00e9vue pour 2027, un lieu d&#8217;exception pour vivre dans un cadre privil\u00e9gi\u00e9 alliant calme et s\u00e9r\u00e9nit\u00e9..<\/p>\n<p>Elle se dispose comme suit :<\/p>\n<p>Un grand hall d&#8217;entr\u00e9e<br \/>\nUn WC visiteurs<br \/>\nUne grande pi\u00e8ce \u00e0 vivre de 40,9 m2 avec cuisine ouverte et un acc\u00e8s au balcon.<br \/>\nUne salle de bains<br \/>\n2 jolies chambres<\/p>\n<p>1 place de parc \u00e0 30&#8217;000.- (en sus du prix)<\/p>\n","protected":false},"excerpt":{"rendered":"<p>Cette jolie promotion en pleine campagne propose 25 appartements PPE. Situ\u00e9 au 1er \u00e9tage, cet appartement d\u2019exception de 3.5 pi\u00e8ces, incarne l\u2019\u00e9l\u00e9gance et le raffinement. B\u00e9n\u00e9ficiant d&#8217;un d\u00e9gagement, il offre des prestations haut de gamme et un cadre de vie incomparable. Sa baie vitr\u00e9e et son volume g\u00e9n\u00e9reux cr\u00e9ent une atmosph\u00e8re lumineuse et a\u00e9rienne, id\u00e9ale [&hellip;]<\/p>\n","protected":false},"author":4,"featured_media":0,"parent":0,"menu_order":0,"template":"","property_type":[111],"property_status":[44],"property_feature":[70,147,52,73,84,117],"property_label":[48],"property_country":[81],"property_state":[41],"property_city":[252],"property_area":[253],"class_list":["post-33580","property","type-property","status-publish","hentry","property_type-appartement","property_status-a-vendre","property_feature-ascenseur","property_feature-balcon","property_feature-calme","property_feature-fibre-optique","property_feature-panneaux-solaire","property_feature-vitrage-triple","property_label-coup-de-coeur","property_country-suisse","property_state-fribourg","property_city-siviriez","property_area-fribourg"],"property_meta":{"fave_property_price":["505000"],"fave_property_price_postfix":[""],"fave_currency":[""],"fave_currency_info":[""],"fave_property_price_prefix":[""],"fave_property_sec_price":[""],"fave_property_size":["89.6"],"fave_property_size_prefix":["m2"],"fave_property_land":[""],"fave_property_land_postfix":[""],"fave_property_bedrooms":["2"],"fave_property_bathrooms":["2"],"fave_property_garage":["1"],"fave_property_garage_size":[""],"fave_virtual_tour":[""],"fave_property_year":["2025"],"fave_property_id":[""],"fave_video_url":[""],"fave_property_zip":["1678"],"additional_features":["a:6:{i:0;a:2:{s:29:\"fave_additional_feature_title\";s:13:\"Environnement\";s:29:\"fave_additional_feature_value\";s:5:\"Calme\";}i:1;a:2:{s:29:\"fave_additional_feature_title\";s:14:\"Etat g\u00e9n\u00e9ral\";s:29:\"fave_additional_feature_value\";s:4:\"Neuf\";}i:2;a:2:{s:29:\"fave_additional_feature_title\";s:6:\"Ecoles\";s:29:\"fave_additional_feature_value\";s:12:\"A proximit\u00e9\";}i:3;a:2:{s:29:\"fave_additional_feature_title\";s:10:\"Commerces \";s:29:\"fave_additional_feature_value\";s:13:\"A proximit\u00e9 \";}i:4;a:2:{s:29:\"fave_additional_feature_title\";s:11:\"Transports \";s:29:\"fave_additional_feature_value\";s:12:\"A proximit\u00e9\";}i:5;a:2:{s:29:\"fave_additional_feature_title\";s:18:\"Taux d'imposition \";s:29:\"fave_additional_feature_value\";s:4:\"0.88\";}}"],"fave_additional_features_enable":["enable"],"floor_plans":["a:1:{i:0;a:8:{s:15:\"fave_plan_title\";s:4:\"Plan\";s:15:\"fave_plan_rooms\";s:0:\"\";s:19:\"fave_plan_bathrooms\";s:0:\"\";s:15:\"fave_plan_price\";s:0:\"\";s:23:\"fave_plan_price_postfix\";s:0:\"\";s:14:\"fave_plan_size\";s:0:\"\";s:15:\"fave_plan_image\";s:76:\"https:\/\/homewell.ch\/immobilier\/wp-content\/uploads\/2025\/05\/Homewell-1-2-2.jpg\";s:21:\"fave_plan_description\";s:14:\"Plan g\u00e9n\u00e9ral\";}}"],"fave_multi_units":["a:1:{i:0;a:9:{s:13:\"fave_mu_title\";s:0:\"\";s:12:\"fave_mu_beds\";s:0:\"\";s:13:\"fave_mu_baths\";s:0:\"\";s:12:\"fave_mu_size\";s:0:\"\";s:20:\"fave_mu_size_postfix\";s:0:\"\";s:13:\"fave_mu_price\";s:0:\"\";s:21:\"fave_mu_price_postfix\";s:0:\"\";s:12:\"fave_mu_type\";s:0:\"\";s:25:\"fave_mu_availability_date\";s:0:\"\";}}"],"fave_featured":["0"],"houzez_featured_listing_date":[""],"fave_private_note":[""],"fave_property_disclaimer":[""],"fave_payment_status":["not_paid"],"fave_energy_class":[""],"fave_energy_global_index":[""],"fave_renewable_energy_global_index":[""],"fave_energy_performance":[""],"fave_agent_display_option":["author_info"],"fave_property_map_address":["Siviriez, Suisse"],"fave_property_address":["Siviriez, Suisse"],"houzez_geolocation_lat":["46.6585092"],"houzez_geolocation_long":["6.877722"],"fave_property_location":["46.6585092,6.877722"],"fave_property_map":["1"],"fave_property_map_street_view":["hide"],"_edit_lock":["1747815739:14"],"houzez_total_property_views":["1400"],"houzez_views_by_date":["a:61:{s:10:\"02-26-2026\";i:13;s:10:\"02-27-2026\";i:3;s:10:\"02-28-2026\";i:4;s:10:\"03-01-2026\";i:6;s:10:\"03-02-2026\";i:8;s:10:\"03-03-2026\";i:4;s:10:\"03-04-2026\";i:3;s:10:\"03-05-2026\";i:5;s:10:\"03-06-2026\";i:4;s:10:\"03-07-2026\";i:4;s:10:\"03-08-2026\";i:4;s:10:\"03-09-2026\";i:4;s:10:\"03-10-2026\";i:4;s:10:\"03-11-2026\";i:6;s:10:\"03-12-2026\";i:4;s:10:\"03-13-2026\";i:4;s:10:\"03-14-2026\";i:4;s:10:\"03-15-2026\";i:4;s:10:\"03-16-2026\";i:5;s:10:\"03-17-2026\";i:7;s:10:\"03-18-2026\";i:6;s:10:\"03-19-2026\";i:4;s:10:\"03-20-2026\";i:4;s:10:\"03-21-2026\";i:4;s:10:\"03-22-2026\";i:5;s:10:\"03-23-2026\";i:4;s:10:\"03-24-2026\";i:4;s:10:\"03-25-2026\";i:6;s:10:\"03-26-2026\";i:4;s:10:\"03-27-2026\";i:4;s:10:\"03-28-2026\";i:4;s:10:\"03-29-2026\";i:4;s:10:\"03-30-2026\";i:4;s:10:\"03-31-2026\";i:4;s:10:\"04-01-2026\";i:5;s:10:\"04-02-2026\";i:4;s:10:\"04-03-2026\";i:4;s:10:\"04-04-2026\";i:5;s:10:\"04-05-2026\";i:3;s:10:\"04-06-2026\";i:5;s:10:\"04-07-2026\";i:3;s:10:\"04-08-2026\";i:5;s:10:\"04-09-2026\";i:5;s:10:\"04-10-2026\";i:4;s:10:\"04-11-2026\";i:4;s:10:\"04-12-2026\";i:4;s:10:\"04-13-2026\";i:4;s:10:\"04-14-2026\";i:4;s:10:\"04-15-2026\";i:6;s:10:\"04-16-2026\";i:4;s:10:\"04-17-2026\";i:7;s:10:\"04-18-2026\";i:4;s:10:\"04-19-2026\";i:4;s:10:\"04-20-2026\";i:4;s:10:\"04-21-2026\";i:6;s:10:\"04-22-2026\";i:4;s:10:\"04-23-2026\";i:5;s:10:\"04-24-2026\";i:4;s:10:\"04-25-2026\";i:4;s:10:\"04-26-2026\";i:4;s:10:\"04-27-2026\";i:4;}"],"houzez_recently_viewed":["2026-04-27 17:52:04"],"fave_show_price_placeholder":["0"],"fave_property_price_placeholder":[""],"fave_property_images":["33603","33605","33604","33606"],"fave_loggedintoview":["0"],"fave_epc_current_rating":[""],"fave_epc_potential_rating":[""],"rank_math_title":[""],"rank_math_description":[""],"rank_math_canonical_url":[""],"rank_math_facebook_title":[""],"rank_math_facebook_description":[""],"rank_math_facebook_image":[""],"rank_math_twitter_title":[""],"rank_math_twitter_description":[""],"rank_math_twitter_image":[""],"rank_math_twitter_use_facebook":["off"],"rank_math_internal_links_processed":["1"],"_elementor_page_assets":["a:0:{}"]},"_links":{"self":[{"href":"https:\/\/homewell.ch\/immobilier\/wp-json\/wp\/v2\/properties\/33580","targetHints":{"allow":["GET"]}}],"collection":[{"href":"https:\/\/homewell.ch\/immobilier\/wp-json\/wp\/v2\/properties"}],"about":[{"href":"https:\/\/homewell.ch\/immobilier\/wp-json\/wp\/v2\/types\/property"}],"author":[{"embeddable":true,"href":"https:\/\/homewell.ch\/immobilier\/wp-json\/wp\/v2\/users\/4"}],"version-history":[{"count":0,"href":"https:\/\/homewell.ch\/immobilier\/wp-json\/wp\/v2\/properties\/33580\/revisions"}],"wp:attachment":[{"href":"https:\/\/homewell.ch\/immobilier\/wp-json\/wp\/v2\/media?parent=33580"}],"wp:term":[{"taxonomy":"property_type","embeddable":true,"href":"https:\/\/homewell.ch\/immobilier\/wp-json\/wp\/v2\/property_type?post=33580"},{"taxonomy":"property_status","embeddable":true,"href":"https:\/\/homewell.ch\/immobilier\/wp-json\/wp\/v2\/property_status?post=33580"},{"taxonomy":"property_feature","embeddable":true,"href":"https:\/\/homewell.ch\/immobilier\/wp-json\/wp\/v2\/property_feature?post=33580"},{"taxonomy":"property_label","embeddable":true,"href":"https:\/\/homewell.ch\/immobilier\/wp-json\/wp\/v2\/property_label?post=33580"},{"taxonomy":"property_country","embeddable":true,"href":"https:\/\/homewell.ch\/immobilier\/wp-json\/wp\/v2\/property_country?post=33580"},{"taxonomy":"property_state","embeddable":true,"href":"https:\/\/homewell.ch\/immobilier\/wp-json\/wp\/v2\/property_state?post=33580"},{"taxonomy":"property_city","embeddable":true,"href":"https:\/\/homewell.ch\/immobilier\/wp-json\/wp\/v2\/property_city?post=33580"},{"taxonomy":"property_area","embeddable":true,"href":"https:\/\/homewell.ch\/immobilier\/wp-json\/wp\/v2\/property_area?post=33580"}],"curies":[{"name":"wp","href":"https:\/\/api.w.org\/{rel}","templated":true}]}}